{"id":1281,"date":"2024-08-02T17:12:46","date_gmt":"2024-08-02T15:12:46","guid":{"rendered":"https:\/\/www.slimop.space\/politica-de-accesibilidad\/"},"modified":"2024-08-08T19:31:51","modified_gmt":"2024-08-08T17:31:51","slug":"politica-de-accesibilidad","status":"publish","type":"page","link":"https:\/\/www.slimop.space\/es\/politica-de-accesibilidad\/","title":{"rendered":"Pol\u00edtica de accesibilidad"},"content":{"rendered":"\n<p>Slimop Space se ha comprometido a hacer accesibles sus sitios web, de conformidad con el <strong><a href=\"https:\/\/www.boe.es\/buscar\/act.php?id=BOE-A-2018-12699\" target=\"_blank\" rel=\"noreferrer noopener\">Real Decreto 1112\/2018<\/a><\/strong>de 7 de septiembre, sobre accesibilidad de los sitios web y aplicaciones para dispositivos m\u00f3viles del sector p\u00fablico, por la que se traspone al ordenamiento jur\u00eddico espa\u00f1ol la <a href=\"http:\/\/eur-lex.europa.eu\/legal-content\/ES\/TXT\/?uri=uriserv:OJ.L_.2016.327.01.0001.01.SPA&amp;toc=OJ:L:2016:327:FULL\" target=\"_blank\" rel=\"noreferrer noopener\">Directiva (UE) 2016\/2102 del Parlamento Europeo y del Consejo<\/a>.<\/p>\n\n<p>La presente declaraci\u00f3n de accesibilidad se aplica al portal institucional <a href=\"http:\/\/slimop.space\" data-type=\"link\" data-id=\"slimop.space\">slimop.space<\/a>.<\/p>\n\n<h2 class=\"wp-block-heading\">Situaci\u00f3n de cumplimiento<\/h2>\n\n<p>Este sitio web es <strong>parcialmente conforme<\/strong> con el <a href=\"https:\/\/www.boe.es\/diario_boe\/txt.php?id=BOE-A-2018-12699\" target=\"_blank\" rel=\"noreferrer noopener\"><strong>RD 1112\/2018<\/strong><\/a> debido a las excepciones y a la falta de conformidad de los aspectos que se indican a continuaci\u00f3n.<\/p>\n\n<h2 class=\"wp-block-heading\">Contenido no accesible<\/h2>\n\n<p>El contenido que se recoge a continuaci\u00f3n no es accesible por lo siguiente:<\/p>\n\n<ul class=\"wp-block-list\">\n<li>Falta de conformidad con el RD 1112\/2018:\n<ul class=\"wp-block-list\">\n<li>En el portal pueden existir contenidos en otros idiomas en los que no est\u00e1 etiquetado correctamente el cambio de idioma<\/li>\n\n\n\n<li>Los elementos multimedia solo audio no tienen alternativa<\/li>\n\n\n\n<li>Existen v\u00eddeos sin subt\u00edtulos<\/li>\n\n\n\n<li>Hay contenido textual sin un contraste suficiente<\/li>\n\n\n\n<li>Se observa como en algunos casos el foco no cumple con el ratio m\u00ednimo de contraste requerido<\/li>\n\n\n\n<li>En alg\u00fan caso puede producirse solapamiento de contenido<\/li>\n\n\n\n<li>Existen documentos PDF con problemas de accesibilidad<\/li>\n<\/ul>\n<\/li>\n\n\n\n<li>Carga desproporcionada:<\/li>\n<\/ul>\n\n<p>  No se aplica.<\/p>\n\n<ul class=\"wp-block-list\">\n<li>El contenido no entra dentro del \u00e1mbito de la legislaci\u00f3n aplicable:<\/li>\n<\/ul>\n\n<p>  Pueden existir documentos en formato PDF publicados antes del 20 de septiembre de 2018 que no cumplan en su totalidad todos los requisitos de accesibilidad.<\/p>\n\n<h2 class=\"wp-block-heading\">Preparaci\u00f3n de la presente declaraci\u00f3n de accesibilidad<\/h2>\n\n<p>La presente declaraci\u00f3n fue preparada el 31 de julio de 2023.<\/p>\n\n<p>El m\u00e9todo empleado para preparar la declaraci\u00f3n ha sido una autoevaluaci\u00f3n llevada a cabo por el propio organismo.<\/p>\n\n<p>La fecha de la \u00faltima revisi\u00f3n ha sido el 31 de julio de 2023.<\/p>\n\n<h2 class=\"wp-block-heading\">Observaciones y datos de contacto<\/h2>\n\n<p>Puede realizar <strong>comunicaciones<\/strong> sobre requisitos de accesibilidad (art\u00edculo 10.2 del RD 1112\/2018) como por ejemplo:<\/p>\n\n<ul class=\"wp-block-list\">\n<li>informar sobre cualquier posible incumplimiento por parte de este sitio web<\/li>\n\n\n\n<li>transmitir otras <strong>dificultades de<\/strong> acceso al contenido<\/li>\n\n\n\n<li>formular cualquier otra <strong>consulta o sugerencia de mejora<\/strong> relativa a la accesibilidad del sitio web<\/li>\n<\/ul>\n\n<p>a trav\u00e9s del <a href=\"https:\/\/www.slimop.space#brx-footer\">formulario de contacto<\/a> de este sitio web.<\/p>\n\n<p>Las comunicaciones ser\u00e1n recibidas y tratadas por el equipo administrativo de Sans Arquitectes.<\/p>\n\n<h2 class=\"wp-block-heading\">Procedimiento de aplicaci\u00f3n<\/h2>\n\n<p>Si una vez realizada una solicitud de informaci\u00f3n accesible o queja, \u00e9sta hubiera sido desestimada, no se estuviera de acuerdo con la decisi\u00f3n adoptada, o la respuesta no cumpliera los requisitos contemplados en el art\u00edculo 12.5 del RD 1112\/2018, la persona interesada podr\u00e1 iniciar una reclamaci\u00f3n.\nIgualmente se podr\u00e1 iniciar una reclamaci\u00f3n en el caso de no haber obtenido respuesta. <\/p>\n\n<h2 class=\"wp-block-heading\">Contenido opcional<\/h2>\n\n<p>El sitio web:<\/p>\n\n<ul class=\"wp-block-list\">\n<li>se ha dise\u00f1ado adapt\u00e1ndose a los est\u00e1ndares y normativas vigentes en relaci\u00f3n a la accesibilidad, cumpliendo con los puntos de verificaci\u00f3n de prioridad 2 (AA) definidos en la especificaci\u00f3n de Pautas de Accesibilidad al Contenido en la Web (WCAG 2.1)<\/li>\n\n\n\n<li>est\u00e1 optimizado para las \u00faltimas versiones vigentes de Chrome, Edge, Firefox, Safari y Opera<\/li>\n\n\n\n<li>est\u00e1 dise\u00f1ado para su correcta visualizaci\u00f3n en cualquier resoluci\u00f3n y dispositivo de escritorio, tabletas o m\u00f3viles (dise\u00f1o responsive)<\/li>\n\n\n\n<li>se ha realizado utilizando HTML5 como lenguaje de marcado y hojas de estilo CSS 3 para su dise\u00f1o<\/li>\n<\/ul>\n\n<p>Adem\u00e1s, se realiza un trabajo continuo de auditor\u00eda y revisi\u00f3n de contenidos para facilitar su interpretaci\u00f3n y mejorar la navegaci\u00f3n por el portal web.<\/p>\n","protected":false},"excerpt":{"rendered":"<p>Slimop Space se ha comprometido a hacer accesibles sus sitios web, de conformidad con el Real Decreto 1112\/2018de 7 de septiembre, sobre accesibilidad de los sitios web y aplicaciones para dispositivos m\u00f3viles del sector p\u00fablico, por la que se traspone al ordenamiento jur\u00eddico espa\u00f1ol la Directiva (UE) 2016\/2102 del Parlamento Europeo y del Consejo. La [&hellip;]<\/p>\n","protected":false},"author":1,"featured_media":0,"parent":0,"menu_order":0,"comment_status":"closed","ping_status":"closed","template":"","meta":{"_acf_changed":false,"_seopress_robots_primary_cat":"","_seopress_titles_title":"","_seopress_titles_desc":"","_seopress_robots_index":"","footnotes":""},"class_list":["post-1281","page","type-page","status-publish","hentry"],"acf":[],"_links":{"self":[{"href":"https:\/\/www.slimop.space\/es\/wp-json\/wp\/v2\/pages\/1281","targetHints":{"allow":["GET"]}}],"collection":[{"href":"https:\/\/www.slimop.space\/es\/wp-json\/wp\/v2\/pages"}],"about":[{"href":"https:\/\/www.slimop.space\/es\/wp-json\/wp\/v2\/types\/page"}],"author":[{"embeddable":true,"href":"https:\/\/www.slimop.space\/es\/wp-json\/wp\/v2\/users\/1"}],"replies":[{"embeddable":true,"href":"https:\/\/www.slimop.space\/es\/wp-json\/wp\/v2\/comments?post=1281"}],"version-history":[{"count":1,"href":"https:\/\/www.slimop.space\/es\/wp-json\/wp\/v2\/pages\/1281\/revisions"}],"predecessor-version":[{"id":1282,"href":"https:\/\/www.slimop.space\/es\/wp-json\/wp\/v2\/pages\/1281\/revisions\/1282"}],"wp:attachment":[{"href":"https:\/\/www.slimop.space\/es\/wp-json\/wp\/v2\/media?parent=1281"}],"curies":[{"name":"wp","href":"https:\/\/api.w.org\/{rel}","templated":true}]}}